{"id":2667,"date":"2015-12-21T10:28:31","date_gmt":"2015-12-21T10:28:31","guid":{"rendered":"http:\/\/ew.og-ommersheim.de\/?page_id=2667"},"modified":"2015-12-21T10:28:31","modified_gmt":"2015-12-21T10:28:31","slug":"oeffnungszeiten","status":"publish","type":"page","link":"http:\/\/www.og-ommersheim.de\/?page_id=2667","title":{"rendered":"\u00d6ffnungszeiten"},"content":{"rendered":"\n<table id=\"tablepress-8\" class=\"tablepress tablepress-id-8\">\n<thead>\n<tr class=\"row-1 odd\">\n\t<th colspan=\"2\" class=\"column-1\">\u00dcbungsstunden<\/th>\n<\/tr>\n<\/thead>\n<tbody class=\"row-hover\">\n<tr class=\"row-2 even\">\n\t<td class=\"column-1\">Dienstags:<\/td><td class=\"column-2\"><\/td>\n<\/tr>\n<tr class=\"row-3 odd\">\n\t<td class=\"column-1\"><\/td><td class=\"column-2\">16.30 Uhr bis 18.00 Uhr Unterordnung<\/td>\n<\/tr>\n<tr class=\"row-4 even\">\n\t<td class=\"column-1\"><\/td><td class=\"column-2\">18.00 Uhr bis 19.30 Uhr Schutzdienst<\/td>\n<\/tr>\n<tr class=\"row-5 odd\">\n\t<td class=\"column-1\"><\/td><td class=\"column-2\"><\/td>\n<\/tr>\n<tr class=\"row-6 even\">\n\t<td class=\"column-1\">Samstags:<\/td><td class=\"column-2\"><\/td>\n<\/tr>\n<tr class=\"row-7 odd\">\n\t<td class=\"column-1\"><\/td><td class=\"column-2\">15.00 Uhr Gruppenarbeit<\/td>\n<\/tr>\n<tr class=\"row-8 even\">\n\t<td class=\"column-1\"><\/td><td class=\"column-2\">Schutzdienst<\/td>\n<\/tr>\n<tr class=\"row-9 odd\">\n\t<td class=\"column-1\"><\/td><td class=\"column-2\"><\/td>\n<\/tr>\n<tr class=\"row-10 even\">\n\t<td class=\"column-1\">Sonntags:<\/td><td class=\"column-2\"><\/td>\n<\/tr>\n<tr class=\"row-11 odd\">\n\t<td class=\"column-1\"><\/td><td class=\"column-2\">9.00 Uhr bis 10.30 Uhr F\u00e4hrtenarbeit<\/td>\n<\/tr>\n<tr class=\"row-12 even\">\n\t<td class=\"column-1\"><\/td><td class=\"column-2\"><\/td>\n<\/tr>\n<tr class=\"row-13 odd\">\n\t<td class=\"column-1\"><\/td><td class=\"column-2\">Bei den angegbenen \u00dcbungszeiten handelt es sich lediglich um Richtzeiten,<br \/>\ndie abh\u00e4ngig sind von der zahlenm\u00e4\u00dfigen Beteiligung der<br \/>\nHundef\u00fchrer an den \u00dcbungsstunden.<\/td>\n<\/tr>\n<tr class=\"row-14 even\">\n\t<td class=\"column-1\"><\/td><td class=\"column-2\"><\/td>\n<\/tr>\n<tr class=\"row-15 odd\">\n\t<td class=\"column-1\"><\/td><td class=\"column-2\">Ommersheimer Hundef\u00fchrer aufgepasst:<br \/>\nWer eine Pr\u00fcfung ablegen will, muss sich bis sp\u00e4testens dienstags vor<br \/>\nder Pr\u00fcfung bis 19.00 Uhr im Vereinsheim beim Pr\u00fcfungsleiter anmelden.<br \/>\n<br \/>\nEinzureichen sind:<br \/>\nAhnentafel, Bewertungsheft bzw. Bewertungsnachweis. Sp\u00e4ter eingehende<br \/>\nMeldungen k\u00f6nnen nicht mehr ber\u00fccksichtigt werden. Die Pr\u00fcfungsleitung<\/td>\n<\/tr>\n<tr class=\"row-16 even\">\n\t<td class=\"column-1\"><\/td><td class=\"column-2\"><\/td>\n<\/tr>\n<\/tbody>\n<\/table>\n<!-- #tablepress-8 from cache -->\n","protected":false},"excerpt":{"rendered":"","protected":false},"author":3,"featured_media":0,"parent":0,"menu_order":0,"comment_status":"closed","ping_status":"closed","template":"","meta":{"footnotes":""},"class_list":["post-2667","page","type-page","status-publish","hentry"],"jetpack_sharing_enabled":true,"_links":{"self":[{"href":"http:\/\/www.og-ommersheim.de\/index.php?rest_route=\/wp\/v2\/pages\/2667","targetHints":{"allow":["GET"]}}],"collection":[{"href":"http:\/\/www.og-ommersheim.de\/index.php?rest_route=\/wp\/v2\/pages"}],"about":[{"href":"http:\/\/www.og-ommersheim.de\/index.php?rest_route=\/wp\/v2\/types\/page"}],"author":[{"embeddable":true,"href":"http:\/\/www.og-ommersheim.de\/index.php?rest_route=\/wp\/v2\/users\/3"}],"replies":[{"embeddable":true,"href":"http:\/\/www.og-ommersheim.de\/index.php?rest_route=%2Fwp%2Fv2%2Fcomments&post=2667"}],"version-history":[{"count":3,"href":"http:\/\/www.og-ommersheim.de\/index.php?rest_route=\/wp\/v2\/pages\/2667\/revisions"}],"predecessor-version":[{"id":12256,"href":"http:\/\/www.og-ommersheim.de\/index.php?rest_route=\/wp\/v2\/pages\/2667\/revisions\/12256"}],"wp:attachment":[{"href":"http:\/\/www.og-ommersheim.de\/index.php?rest_route=%2Fwp%2Fv2%2Fmedia&parent=2667"}],"curies":[{"name":"wp","href":"https:\/\/api.w.org\/{rel}","templated":true}]}}